{"id":436,"date":"2024-05-25T12:10:22","date_gmt":"2024-05-25T10:10:22","guid":{"rendered":"https:\/\/festivalamontour.fr\/?page_id=436"},"modified":"2024-07-08T11:41:10","modified_gmt":"2024-07-08T09:41:10","slug":"mentions-legales","status":"publish","type":"page","link":"https:\/\/festivalamontour.fr\/index.php\/accueil\/mentions-legales\/","title":{"rendered":"Mentions L\u00e9gales"},"content":{"rendered":"<p style=\"text-align: center;\"><span style=\"color: #000000;\"><em>\u00c0 Mon Tour, festival de musiques \u00e0 Montours<\/em>, est port\u00e9 par l&#8217;<strong>Association Jules &amp; Jos\u00e9phine<\/strong>.<br \/>\nIl a re\u00e7u le soutien du <strong>Cr\u00e9dit Mutuel de Bretagne<\/strong>, de la commune des <strong>Portes du Coglais<\/strong>, de la communaut\u00e9 de communes <strong>Couesnon Marche de Bretagne<\/strong> et du d\u00e9partement d&#8217;<strong>\u00celle et Vilaine<\/strong>.<\/span><\/p>\n<p style=\"text-align: center;\"><span style=\"color: #000000;\">L&#8217;affiche a \u00e9t\u00e9 r\u00e9alis\u00e9e par Alexandre Thomassin.<\/span><br \/>\n<span style=\"color: #000000;\">La direction artistique est assur\u00e9e par Donia Berriri.<br \/>\nLa production et l&#8217;administration sont g\u00e9r\u00e9es par Jean-Brice Godet.<\/span><\/p>\n<p style=\"text-align: center;\"><span style=\"color: #000000;\">Le festival n&#8217;existerait pas sans le soutien pr\u00e9cieux de ses b\u00e9n\u00e9voles.<\/span><\/p>\n<p style=\"text-align: center;\"><span style=\"color: #000000;\"><strong>Association Jules &amp; Jos\u00e9phine<\/strong><br \/>\n22, Grolay<br \/>\n35460 Les Portes Du Coglais<br \/>\nSIRET &#8211; 92394981200013<br \/>\nRNA &#8211; W351006684<br \/>\nAPE &#8211; 9001Z<br \/>\nLicence 2 : PLATESV-D-2023-007407<br \/>\nLicence 3 : PLATESV-D-2023-007840<br \/>\nPr\u00e9sidente : Madame Anne Morillon<br \/>\nTr\u00e9sori\u00e8re : Madame C\u00e9line Boiroux<br \/>\n<\/span><br \/>\n<span style=\"color: #227b65;\"><strong><em><a style=\"color: #227b65;\" href=\"mailto:contact@festivalamontour.fr\">contact@festivalamontour.fr<\/a><\/em><\/strong><\/span><\/p>\n","protected":false},"excerpt":{"rendered":"<p>\u00c0 Mon Tour, festival de musiques \u00e0 Montours, est port\u00e9 par l&#8217;Association Jules &amp; Jos\u00e9phine. Il a re\u00e7u le soutien du Cr\u00e9dit Mutuel de Bretagne, de la commune des Portes du Coglais, de la communaut\u00e9 de communes Couesnon Marche de Bretagne et du d\u00e9partement d&#8217;\u00celle et Vilaine. L&#8217;affiche a \u00e9t\u00e9 r\u00e9alis\u00e9e par Alexandre Thomassin. La [&hellip;]<\/p>\n","protected":false},"author":1,"featured_media":0,"parent":57,"menu_order":0,"comment_status":"closed","ping_status":"closed","template":"","meta":{"_editorskit_title_hidden":false,"_editorskit_reading_time":0,"_editorskit_is_block_options_detached":false,"_editorskit_block_options_position":"{}","footnotes":""},"class_list":["post-436","page","type-page","status-publish","hentry"],"_links":{"self":[{"href":"https:\/\/festivalamontour.fr\/index.php\/wp-json\/wp\/v2\/pages\/436","targetHints":{"allow":["GET"]}}],"collection":[{"href":"https:\/\/festivalamontour.fr\/index.php\/wp-json\/wp\/v2\/pages"}],"about":[{"href":"https:\/\/festivalamontour.fr\/index.php\/wp-json\/wp\/v2\/types\/page"}],"author":[{"embeddable":true,"href":"https:\/\/festivalamontour.fr\/index.php\/wp-json\/wp\/v2\/users\/1"}],"replies":[{"embeddable":true,"href":"https:\/\/festivalamontour.fr\/index.php\/wp-json\/wp\/v2\/comments?post=436"}],"version-history":[{"count":18,"href":"https:\/\/festivalamontour.fr\/index.php\/wp-json\/wp\/v2\/pages\/436\/revisions"}],"predecessor-version":[{"id":719,"href":"https:\/\/festivalamontour.fr\/index.php\/wp-json\/wp\/v2\/pages\/436\/revisions\/719"}],"up":[{"embeddable":true,"href":"https:\/\/festivalamontour.fr\/index.php\/wp-json\/wp\/v2\/pages\/57"}],"wp:attachment":[{"href":"https:\/\/festivalamontour.fr\/index.php\/wp-json\/wp\/v2\/media?parent=436"}],"curies":[{"name":"wp","href":"https:\/\/api.w.org\/{rel}","templated":true}]}}