{"id":103,"date":"2024-04-22T23:42:39","date_gmt":"2024-04-22T21:42:39","guid":{"rendered":"https:\/\/festivalamontour.fr\/?page_id=103"},"modified":"2025-04-16T18:17:58","modified_gmt":"2025-04-16T16:17:58","slug":"programme","status":"publish","type":"page","link":"https:\/\/festivalamontour.fr\/index.php\/accueil\/programme\/","title":{"rendered":"Programme Complet 2024"},"content":{"rendered":"<div class=\"page\" title=\"Page 2\">\n<div class=\"section\">\n<div class=\"layoutArea\">\n<div class=\"column\">\n<h4><span style=\"color: #227b65;\"><a style=\"color: #227b65;\" href=\"https:\/\/festivalamontour.fr\/index.php\/accueil\/jeudi\/\"><strong>Jeudi 18 juillet \u00e0 18h30<\/strong><\/a><\/span><\/h4>\n<p><em><span style=\"color: #227b65;\"><a style=\"color: #227b65;\" href=\"https:\/\/festivalamontour.fr\/index.php\/accueil\/jeudi\/\">Vernissage de l&#8217;exposition d&#8217;Alexandre<\/a><\/span><\/em><span style=\"color: #227b65;\"><a style=\"color: #227b65;\" href=\"https:\/\/festivalamontour.fr\/index.php\/accueil\/jeudi\/\"> Thomassin<\/a><\/span> <span style=\"color: #000000;\"><strong>Chez Jacques<\/strong><\/span><\/p>\n<p><span style=\"color: #000000;\">Lieu : Restaurant Chez Jacques<\/span><br \/>\n<span style=\"color: #000000;\">Dur\u00e9e : Exposition pendant tout le festival<\/span><br \/>\n<span style=\"color: #000000;\">Entr\u00e9e libre<\/span><\/p>\n<h4 style=\"text-align: left;\"><span style=\"color: #00000;\"><a style=\"color: #227b65;\" href=\"https:\/\/festivalamontour.fr\/index.php\/accueil\/vendredi-19-juillet\/\"><strong>Vendredi 19 juillet de\u0300s 18h30<\/strong><\/a><\/span><\/h4>\n<p><span style=\"color: #227b65;\"><a style=\"color: #227b65;\" href=\"https:\/\/festivalamontour.fr\/index.php\/accueil\/vendredi-19-juillet\/murmures\/\"><em>MurMures<\/em><\/a><\/span> <span style=\"color: #000000;\"><strong>\u00e0 Grolay<\/strong><\/span><\/p>\n<p style=\"text-align: left;\"><span style=\"color: #000000;\">Installation sonore immersive de Jean-Brice Godet<\/span><br \/>\n<span style=\"color: #000000;\">Lieu : Grolay<\/span><br \/>\n<span style=\"color: #000000;\">Entre\u0301e libre<\/span><br \/>\n<span style=\"color: #000000;\">Restauration : Les Locos (galettes saucisses) + Buvette du festival<br \/>\nParking de la salle du clos breton fortement conseille\u0301<br \/>\n<\/span><\/p>\n<h4 style=\"text-align: left;\"><span style=\"color: #227b65;\"><a style=\"color: #227b65;\" href=\"https:\/\/festivalamontour.fr\/index.php\/accueil\/vendredi-19-juillet\/\"> <strong>Vendredi 19 juillet a\u0300 20h30<\/strong><\/a><\/span><\/h4>\n<p style=\"text-align: left;\"><em><span style=\"color: #227b65;\"><a style=\"color: #227b65;\" href=\"https:\/\/festivalamontour.fr\/index.php\/accueil\/vendredi-19-juillet\/septembre-ardent\/\">Septembre Ardent<\/a>\u00a0<\/span><\/em><span style=\"color: #000000;\"><strong>\u00e0 Grolay<\/strong><\/span><\/p>\n<p style=\"text-align: left;\"><span style=\"color: #000000;\">Concert, fiction musicale<\/span><br \/>\n<span style=\"color: #000000;\">Lieu : Grolay<\/span><br \/>\n<span style=\"color: #000000;\">Dure\u0301e : 1h<br \/>\nRestauration : Les Locos (galettes saucisses) + Buvette du festival<br \/>\nParticipation libre<br \/>\nRe\u0301servation obligatoire : <em><span style=\"color: #227b65;\"><a style=\"color: #227b65;\" href=\"mailto:reservation@festivalamontour.fr\">reservation@festivalamontour.fr<\/a><\/span><\/em><br \/>\nParking de la salle du clos breton fortement conseille\u0301<\/span><\/p>\n<h4 style=\"text-align: left;\"><span style=\"color: #227b65;\"><a style=\"color: #227b65;\" href=\"https:\/\/festivalamontour.fr\/index.php\/accueil\/samedi\/\"><strong>Samedi 20 juillet a\u0300 9h30<br \/>\n<\/strong><\/a><\/span><\/h4>\n<p style=\"text-align: left;\"><span style=\"color: #227b65;\"><em><a style=\"color: #227b65;\" href=\"https:\/\/festivalamontour.fr\/index.php\/accueil\/samedi\/ballade-ornitho-musicale\/\">Ballade Ornitho-Musicale<\/a><\/em><\/span> <span style=\"color: #000000;\"><strong>dans les sentiers p\u00e9destres<\/strong><\/span><\/p>\n<p style=\"text-align: left;\"><span style=\"color: #000000;\">Confe\u0301rence ornithologique \u00e0 travers les sentiers de randonn\u00e9e, ponctu\u00e9e de solos in situ<br \/>\nLieu : Sentiers de randonne\u0301e<br \/>\n<span style=\"text-decoration: underline;\"><strong>De\u0301part de la salle du clos breton \u00e0 9h15<\/strong><\/span><\/span><br \/>\n<span style=\"color: #000000;\">Dure\u0301e : 2h<br \/>\nParticipation libre sur inscription : <em><span style=\"color: #227b65;\"><a style=\"color: #227b65;\" href=\"mailto:reservation@festivalamontour.fr\">reservation@festivalamontour.fr<\/a><\/span><\/em><\/span><\/p>\n<h4 style=\"text-align: left;\"><span style=\"color: #227b65;\"><a style=\"color: #227b65;\" href=\"https:\/\/festivalamontour.fr\/index.php\/accueil\/samedi\/\"><span style=\"color: #227b65;\"><strong>Samedi 20 juillet a\u0300 16h<\/strong><\/span><span style=\"text-decoration: underline;\"><strong><br \/>\n<\/strong><\/span><\/a><\/span><\/h4>\n<p style=\"text-align: left;\"><span style=\"color: #227b65;\"><em><a style=\"color: #227b65;\" href=\"https:\/\/festivalamontour.fr\/index.php\/accueil\/samedi\/iris-au-fil-de-la-seine\/\">Iris au fil de la Seine<\/a><\/em> <\/span><span style=\"color: #000000;\"><strong>au Centre Culturel du Coglais<\/strong><\/span><\/p>\n<p style=\"text-align: left;\"><span style=\"color: #000000;\">Spectacle musical tout public a\u0300 partir de 4 ans<\/span><br \/>\n<span style=\"color: #000000;\">Lieu : Centre culturel du Coglais &#8211; Salle Rene\u0301 de Obaldia\u00a0<\/span><br \/>\n<span style=\"color: #000000;\">Dure\u0301e : 40 min<\/span><br \/>\n<span style=\"color: #000000;\">Entre\u0301e : 5\u20ac<br \/>\nRe\u0301servation conseille\u0301e : <em><span style=\"color: #227b65;\"><a style=\"color: #227b65;\" href=\"mailto:reservation@festivalamontour.fr\">reservation@festivalamontour.fr<\/a><\/span><\/em><\/span><\/p>\n<h4 style=\"text-align: left;\"><span style=\"color: #000000;\"><a style=\"color: #000000;\" href=\"https:\/\/festivalamontour.fr\/index.php\/accueil\/samedi\/\"><strong><span style=\"color: #227b65;\">Samedi 20 juillet a\u0300 20h30<\/span><\/strong><\/a><\/span><\/h4>\n<p style=\"text-align: left;\"><span style=\"color: #000000;\"><span style=\"color: #227b65;\"><a style=\"color: #227b65;\" href=\"https:\/\/festivalamontour.fr\/index.php\/accueil\/samedi\/le-peuple-etincelle\/\"><em>Le Peuple Etincelle<\/em><\/a><\/span><strong> sur l&#8217;Esplanade Simone Veil<\/strong><\/span><\/p>\n<p style=\"text-align: left;\"><span style=\"color: #000000;\">Lieu : Esplanade Simone Veil<br \/>\n<span style=\"text-decoration: underline;\">En cas d\u2019intempe\u0301rie : Salle du Clos Breton<\/span><br \/>\nDure\u0301e : 2h<br \/>\nGratuit sans re\u0301servation<\/span><br \/>\n<span style=\"color: #000000;\">Restauration : food trucks Rock&#8217;n Food et Peggy Martin Home Cooking + Buvette du festival de\u0300s 19h30<\/span><\/p>\n<h4 style=\"text-align: left;\"><span style=\"color: #227b65;\"><a style=\"color: #227b65;\" href=\"https:\/\/festivalamontour.fr\/index.php\/accueil\/dimanche\/\"><strong>Dimanche 21 juillet a\u0300 12h<\/strong><\/a><\/span><\/h4>\n<p style=\"text-align: left;\"><span style=\"color: #000000;\"><em>Brunch Musical <\/em><\/span><span style=\"color: #000000;\"><strong>au restaurant Chez Jacques<\/strong><\/span><\/p>\n<p style=\"text-align: left;\"><span style=\"color: #000000;\">Avec tous les musiciens du festival<br \/>\n<\/span><span style=\"color: #000000;\">Lieu : Restaurant Chez Jacques\u00a0<\/span><br \/>\n<span style=\"color: #000000;\">Dure\u0301e : 2h30<br \/>\nRepas sur re\u0301servation aupre\u0300s du restaurant : 02 56 47 14 68<\/span><\/p>\n<h4 style=\"text-align: left;\"><span style=\"color: #227b65;\"><a style=\"color: #227b65;\" href=\"https:\/\/festivalamontour.fr\/index.php\/accueil\/dimanche\/\"><strong>Dimanche 21 juillet a\u0300 17h<\/strong><\/a><\/span><\/h4>\n<p style=\"text-align: left;\"><em><span style=\"color: #227b65;\"><a style=\"color: #227b65;\" href=\"https:\/\/festivalamontour.fr\/index.php\/accueil\/dimanche\/licor-cafe\/\">Licor Caf\u00e9<\/a> <\/span><\/em><span style=\"color: #000000;\"><strong>\u00e0 l&#8217;\u00c9glise Saint-Melaine de Montours<\/strong><\/span><\/p>\n<p style=\"text-align: left;\"><span style=\"color: #000000;\">Morgane Le Cuff : Harpe, chant et conte (en fran\u00e7ais et en gallo)<\/span><br \/>\n<span style=\"color: #000000;\">Lieu : Eglise Saint-Melaine de Montours\u00a0<\/span><br \/>\n<span style=\"color: #000000;\">Dure\u0301e : 1h<\/span><br \/>\n<span style=\"color: #000000;\">Entre\u0301e : 5\u20ac<br \/>\nRe\u0301servation conseille\u0301e : <em><span style=\"color: #227b65;\"><a style=\"color: #227b65;\" href=\"mailto:reservation@festivalamontour.fr\">reservation@festivalamontour.fr<\/a><\/span><\/em><\/span><\/p>\n<p style=\"text-align: left;\">\n<\/div>\n<\/div>\n<\/div>\n<\/div>\n","protected":false},"excerpt":{"rendered":"<p>Jeudi 18 juillet \u00e0 18h30 Vernissage de l&#8217;exposition d&#8217;Alexandre Thomassin Chez Jacques Lieu : Restaurant Chez Jacques Dur\u00e9e : Exposition pendant tout le festival Entr\u00e9e libre Vendredi 19 juillet de\u0300s 18h30 MurMures \u00e0 Grolay Installation sonore immersive de Jean-Brice Godet Lieu : Grolay Entre\u0301e libre Restauration : Les Locos (galettes saucisses) + Buvette du festival [&hellip;]<\/p>\n","protected":false},"author":1,"featured_media":0,"parent":57,"menu_order":0,"comment_status":"closed","ping_status":"closed","template":"","meta":{"_editorskit_title_hidden":false,"_editorskit_reading_time":0,"_editorskit_is_block_options_detached":false,"_editorskit_block_options_position":"{}","footnotes":""},"class_list":["post-103","page","type-page","status-publish","hentry"],"_links":{"self":[{"href":"https:\/\/festivalamontour.fr\/index.php\/wp-json\/wp\/v2\/pages\/103","targetHints":{"allow":["GET"]}}],"collection":[{"href":"https:\/\/festivalamontour.fr\/index.php\/wp-json\/wp\/v2\/pages"}],"about":[{"href":"https:\/\/festivalamontour.fr\/index.php\/wp-json\/wp\/v2\/types\/page"}],"author":[{"embeddable":true,"href":"https:\/\/festivalamontour.fr\/index.php\/wp-json\/wp\/v2\/users\/1"}],"replies":[{"embeddable":true,"href":"https:\/\/festivalamontour.fr\/index.php\/wp-json\/wp\/v2\/comments?post=103"}],"version-history":[{"count":105,"href":"https:\/\/festivalamontour.fr\/index.php\/wp-json\/wp\/v2\/pages\/103\/revisions"}],"predecessor-version":[{"id":600,"href":"https:\/\/festivalamontour.fr\/index.php\/wp-json\/wp\/v2\/pages\/103\/revisions\/600"}],"up":[{"embeddable":true,"href":"https:\/\/festivalamontour.fr\/index.php\/wp-json\/wp\/v2\/pages\/57"}],"wp:attachment":[{"href":"https:\/\/festivalamontour.fr\/index.php\/wp-json\/wp\/v2\/media?parent=103"}],"curies":[{"name":"wp","href":"https:\/\/api.w.org\/{rel}","templated":true}]}}